{"id":2169,"date":"2021-04-05T08:51:05","date_gmt":"2021-04-05T07:51:05","guid":{"rendered":"https:\/\/datycom.es\/?page_id=2169"},"modified":"2023-03-14T19:05:35","modified_gmt":"2023-03-14T18:05:35","slug":"radares-pegagogicos-evolis","status":"publish","type":"page","link":"https:\/\/datycom.es\/index.php\/radares-pegagogicos-evolis\/","title":{"rendered":"RADARES  PEDAG\u00d3GICOS EVOLIS"},"content":{"rendered":"\n<figure class=\"wp-block-image alignleft size-large is-resized is-style-default\"><img loading=\"lazy\" decoding=\"async\" src=\"https:\/\/datycom.es\/wp-content\/uploads\/2021\/03\/CABECERA-Radares-e1617128284588-1024x324.jpg\" alt=\"RADARES PEDAGOGICOS\" class=\"wp-image-2125\" width=\"745\" height=\"236\"\/><\/figure>\n\n\n\n<p class=\"has-text-align-left\">Datycom ofrece la mejor soluci\u00f3n para luchar contra los comportamientos  peligrosos en las carreteras. Los  <strong>radares pedag\u00f3gicos EVOLIS<\/strong>,  son  la opci\u00f3n mas eficiente para reducir la velocidad  en entornos rurales y urbanos,&nbsp;especialmente indicados  en zonas de alto riesgo, como la entrada de un pueblo en una carretera comarcal, colegios, cruces e intersecciones, o reforzar  la seguridad vial de los peatones, alertando a los conductores con un solo vistazo de la velocidad a la que circulan, evitando atropellos o accidentes de trafico.<\/p>\n\n\n\n<p><\/p>\n\n\n\n<figure class=\"wp-block-image alignleft size-large is-resized\"><img loading=\"lazy\" decoding=\"async\" src=\"https:\/\/datycom.es\/wp-content\/uploads\/2021\/04\/radares-pedagogicos-2.gif\" alt=\"\" class=\"wp-image-2185\" width=\"245\" height=\"245\"\/><\/figure>\n\n\n<p>Los radares pedag\u00f3gicos refuerzan la capacidad de concienciaci\u00f3n de los conductores demostrando ser las\u00a0 herramientas mas efectivas para el control del tr\u00e1fico, gracias\u00a0 a su multi-funcionalidad\u00a0 que permite\u00a0 combinar\u00a0 los leds de tres colores programables de alta luminosidad,\u00a0 con\u00a0 mensajes predefinidos\u00a0 y a su\u00a0 \u00a0impacto visual\u00a0 psicol\u00f3gico, alertan al conductor que est\u00e1 excediendo de la velocidad lo que\u00a0 permite\u00a0 \u00a0<b>reducir la velocidad de paso por una poblaci\u00f3n de\u00a0 hasta un\u00a0 25%.<\/b>\u00a0<\/p>\n<p>\u00a0<\/p>\n<p>Teniendo en cuenta las posibilidades\u00a0 de instalaci\u00f3n los\u00a0 radares pedag\u00f3gicos EVOLIS,\u00a0 disponen de 2 tipos de alimentaci\u00f3n;<\/p>\n<p>\u00a0<\/p>\n<p><img loading=\"lazy\" decoding=\"async\" class=\"wp-image-2268 alignleft\" src=\"https:\/\/datycom.es\/wp-content\/uploads\/2021\/10\/ESP_58-vue-pers-droite_small-300x300.png\" alt=\"RADAE PEDAGOGICOS EVOLIS\" width=\"120\" height=\"120\" srcset=\"https:\/\/datycom.es\/wp-content\/uploads\/2021\/10\/ESP_58-vue-pers-droite_small-300x300.png 300w, https:\/\/datycom.es\/wp-content\/uploads\/2021\/10\/ESP_58-vue-pers-droite_small-150x150.png 150w, https:\/\/datycom.es\/wp-content\/uploads\/2021\/10\/ESP_58-vue-pers-droite_small-768x768.png 768w, https:\/\/datycom.es\/wp-content\/uploads\/2021\/10\/ESP_58-vue-pers-droite_small-830x830.png 830w, https:\/\/datycom.es\/wp-content\/uploads\/2021\/10\/ESP_58-vue-pers-droite_small-230x230.png 230w, https:\/\/datycom.es\/wp-content\/uploads\/2021\/10\/ESP_58-vue-pers-droite_small-350x350.png 350w, https:\/\/datycom.es\/wp-content\/uploads\/2021\/10\/ESP_58-vue-pers-droite_small-480x480.png 480w, https:\/\/datycom.es\/wp-content\/uploads\/2021\/10\/ESP_58-vue-pers-droite_small.png 870w\" sizes=\"auto, (max-width: 120px) 100vw, 120px\" \/><strong>El\u00e9ctrico<\/strong>\u00a0<strong>conectado al alumbrado p\u00fablico<\/strong>: las bater\u00edas internas se recargan durante la noche y\u00a0 \u00a0se alimentan de las bater\u00edas cuando se corta el alumbrado p\u00fablico.<\/p>\n<p>\u00a0<\/p>\n<p><strong><img loading=\"lazy\" decoding=\"async\" class=\"wp-image-2272 alignleft\" src=\"https:\/\/datycom.es\/wp-content\/uploads\/2021\/10\/evolis-installation-50percent-e1444119680857-201x300.png\" alt=\"BATERIAS PANEL SOLAR\" width=\"124\" height=\"185\" srcset=\"https:\/\/datycom.es\/wp-content\/uploads\/2021\/10\/evolis-installation-50percent-e1444119680857-201x300.png 201w, https:\/\/datycom.es\/wp-content\/uploads\/2021\/10\/evolis-installation-50percent-e1444119680857-230x344.png 230w, https:\/\/datycom.es\/wp-content\/uploads\/2021\/10\/evolis-installation-50percent-e1444119680857-350x524.png 350w, https:\/\/datycom.es\/wp-content\/uploads\/2021\/10\/evolis-installation-50percent-e1444119680857.png 401w\" sizes=\"auto, (max-width: 124px) 100vw, 124px\" \/> <\/strong><\/p>\n<p style=\"text-align: left;\"><strong>Por panel solar<\/strong>: las bater\u00edas se alimentan gracias al panel fotovoltaico situado por encima del radar pedag\u00f3gico.<\/p>\n<h6>\u00a0<\/h6>\n<p>\u00a0<\/p>\n<p><span style=\"font-size: inherit;\"><img loading=\"lazy\" decoding=\"async\" class=\"wp-image-2300 alignright\" src=\"https:\/\/datycom.es\/wp-content\/uploads\/2021\/10\/traffic-data-450x346-1-300x231.jpg\" alt=\"REGISTRO  TRAFICO RADARAR\" width=\"295\" height=\"227\" srcset=\"https:\/\/datycom.es\/wp-content\/uploads\/2021\/10\/traffic-data-450x346-1-300x231.jpg 300w, https:\/\/datycom.es\/wp-content\/uploads\/2021\/10\/traffic-data-450x346-1-230x177.jpg 230w, https:\/\/datycom.es\/wp-content\/uploads\/2021\/10\/traffic-data-450x346-1-350x269.jpg 350w, https:\/\/datycom.es\/wp-content\/uploads\/2021\/10\/traffic-data-450x346-1.jpg 450w\" sizes=\"auto, (max-width: 295px) 100vw, 295px\" \/><\/span><\/p>\n<p>\u00a0<\/p>\n<p><span style=\"font-size: inherit;\">Los radares pedag\u00f3gicos\u00a0 \u00a0EVOLIS \u00a0permiten\u00a0 registrar y analizar los datos de tr\u00e1fico en ambos sentidos (n\u00famero de veh\u00edculos que circulan, horas de\u00a0 \u00a0 tr\u00e1nsito, velocidad media), realizando informes de tr\u00e1fico con gr\u00e1ficos en formato PDF.<\/span><\/p>\n<p>\u00a0<\/p>\n<p><span style=\"font-size: inherit;\">Si necesitas ayuda,\u00a0 o tienes alguna consulta, env\u00edanos\u00a0 tu correo a\u00a0 info@datycom.es, o ll\u00e1manos\u00a0 por tel\u00e9fono al 947 104937.<\/span><\/p>\n<p><a style=\"font-size: inherit;\" href=\"https:\/\/datycom.es\/index.php\/contacto\/\">\u00a1CONT\u00c1CTENOS!<\/a><\/p>\n<p><iframe loading=\"lazy\" title=\"Muestra de la velocidad del radar Evolis\" width=\"1170\" height=\"658\" src=\"https:\/\/www.youtube.com\/embed\/-WtrtvJGvCo?feature=oembed\" frameborder=\"0\" allow=\"accelerometer; autoplay; clipboard-write; encrypted-media; gyroscope; picture-in-picture; web-share\" allowfullscreen><\/iframe><\/p>\n<div class=\"wpb_text_column wpb_content_element \">\n<div class=\"wpb_wrapper\">\u00a0<\/div>\n<\/div>","protected":false},"excerpt":{"rendered":"<p>Datycom ofrece la mejor soluci\u00f3n para luchar contra los comportamientos peligrosos en las carreteras. Los radares pedag\u00f3gicos EVOLIS, son la opci\u00f3n mas eficiente para reducir la velocidad en entornos rurales y urbanos,&nbsp;especialmente indicados en zonas de alto riesgo, como la entrada de un pueblo en una carretera comarcal, colegios, cruces e intersecciones, o reforzar la [&hellip;]<\/p>\n","protected":false},"author":2,"featured_media":0,"parent":0,"menu_order":0,"comment_status":"closed","ping_status":"closed","template":"","meta":{"footnotes":""},"class_list":["post-2169","page","type-page","status-publish","hentry"],"_links":{"self":[{"href":"https:\/\/datycom.es\/index.php\/wp-json\/wp\/v2\/pages\/2169","targetHints":{"allow":["GET"]}}],"collection":[{"href":"https:\/\/datycom.es\/index.php\/wp-json\/wp\/v2\/pages"}],"about":[{"href":"https:\/\/datycom.es\/index.php\/wp-json\/wp\/v2\/types\/page"}],"author":[{"embeddable":true,"href":"https:\/\/datycom.es\/index.php\/wp-json\/wp\/v2\/users\/2"}],"replies":[{"embeddable":true,"href":"https:\/\/datycom.es\/index.php\/wp-json\/wp\/v2\/comments?post=2169"}],"version-history":[{"count":73,"href":"https:\/\/datycom.es\/index.php\/wp-json\/wp\/v2\/pages\/2169\/revisions"}],"predecessor-version":[{"id":3060,"href":"https:\/\/datycom.es\/index.php\/wp-json\/wp\/v2\/pages\/2169\/revisions\/3060"}],"wp:attachment":[{"href":"https:\/\/datycom.es\/index.php\/wp-json\/wp\/v2\/media?parent=2169"}],"curies":[{"name":"wp","href":"https:\/\/api.w.org\/{rel}","templated":true}]}}